{"id":174,"date":"2023-03-22T17:05:57","date_gmt":"2023-03-22T16:05:57","guid":{"rendered":"https:\/\/www.frederiqueneau.fr\/?page_id=174"},"modified":"2024-05-01T21:46:26","modified_gmt":"2024-05-01T19:46:26","slug":"qui-suis-je","status":"publish","type":"page","link":"https:\/\/www.frederiqueneau.fr\/index.php\/qui-suis-je\/","title":{"rendered":"Qui suis-je ?"},"content":{"rendered":"<div class=\"wp-block-image\">\n<figure class=\"alignleft size-full\"><img loading=\"lazy\" decoding=\"async\" width=\"300\" height=\"407\" src=\"https:\/\/www.frederiqueneau.fr\/wp-content\/uploads\/2022\/04\/Fre\u0301d-NeauSourireMur-gris.jpg\" alt=\"\" class=\"wp-image-96\" srcset=\"https:\/\/www.frederiqueneau.fr\/wp-content\/uploads\/2022\/04\/Fre\u0301d-NeauSourireMur-gris.jpg 300w, https:\/\/www.frederiqueneau.fr\/wp-content\/uploads\/2022\/04\/Fre\u0301d-NeauSourireMur-gris-221x300.jpg 221w\" sizes=\"auto, (max-width: 300px) 100vw, 300px\" \/><\/figure>\n<\/div>\n\n\n<p>Danseuse professionnelle et cr\u00e9atrice de spectacles, j\u2019ai 30 ann\u00e9es d\u2019exp\u00e9rience du mouvement corporel et de la cr\u00e9ativit\u00e9. J\u2019ai choisi de compl\u00e9ter ma formation avec la m\u00e9thode du Dr Ehrenfried pour aider mes \u00e9l\u00e8ves \u00e0 se r\u00e9concilier avec leur corps, \u00e0 se sentir mieux, \u00e0 fluidifier leur \u00e9nergie int\u00e9rieure.<\/p>\n\n\n\n<p>Gr\u00e2ce \u00e0 cette m\u00e9thode et ma profonde connaissance du corps, des mouvements et des fascias, je m\u2019adresse \u00e0 un large public, incluant les femmes enceintes ou r\u00e9cemment accouch\u00e9es, les personnes ayant subi des accidents, ainsi que ceux qui d\u00e9sirent simplement prendre soin de leur corps.<\/p>\n\n\n\n<p>Les s\u00e9ances permettent de se d\u00e9tendre physiquement et mentalement, de d\u00e9velopper une conscience corporelle, et am\u00e9liore aussi la mobilit\u00e9 et la souplesse des articulations.<\/p>\n\n\n\n<p>J\u2019insuffle une \u00e9nergie dynamique, empreinte de calme pour partager avec vous cette gymnastique ludique, sensorielle et r\u00e9-\u00e9nergisante. Et ma rencontre avec le Yoga du rire vient compl\u00e9ter mes outils pour la gestion du stress et retrouver une \u00e9nergie positive.<\/p>\n\n\n\n<div class=\"wp-block-buttons is-content-justification-left is-layout-flex wp-container-core-buttons-is-layout-fdcfc74e wp-block-buttons-is-layout-flex\">\n<div class=\"wp-block-button is-style-fill\"><a class=\"wp-block-button__link wp-element-button\" href=\"https:\/\/www.frederiqueneau.fr\/index.php\/contact\/\" style=\"border-radius:0px\">Contactez-moi !<\/a><\/div>\n<\/div>\n","protected":false},"excerpt":{"rendered":"<p>Danseuse professionnelle et cr\u00e9atrice de spectacles, j\u2019ai 30 ann\u00e9es d\u2019exp\u00e9rience du mouvement corporel et de la cr\u00e9ativit\u00e9. J\u2019ai choisi de compl\u00e9ter ma formation avec la m\u00e9thode du Dr&hellip;<\/p>\n","protected":false},"author":1,"featured_media":0,"parent":0,"menu_order":0,"comment_status":"closed","ping_status":"closed","template":"","meta":{"footnotes":""},"class_list":["post-174","page","type-page","status-publish","has-post-thumbnail","hentry"],"_links":{"self":[{"href":"https:\/\/www.frederiqueneau.fr\/index.php\/wp-json\/wp\/v2\/pages\/174","targetHints":{"allow":["GET"]}}],"collection":[{"href":"https:\/\/www.frederiqueneau.fr\/index.php\/wp-json\/wp\/v2\/pages"}],"about":[{"href":"https:\/\/www.frederiqueneau.fr\/index.php\/wp-json\/wp\/v2\/types\/page"}],"author":[{"embeddable":true,"href":"https:\/\/www.frederiqueneau.fr\/index.php\/wp-json\/wp\/v2\/users\/1"}],"replies":[{"embeddable":true,"href":"https:\/\/www.frederiqueneau.fr\/index.php\/wp-json\/wp\/v2\/comments?post=174"}],"version-history":[{"count":5,"href":"https:\/\/www.frederiqueneau.fr\/index.php\/wp-json\/wp\/v2\/pages\/174\/revisions"}],"predecessor-version":[{"id":412,"href":"https:\/\/www.frederiqueneau.fr\/index.php\/wp-json\/wp\/v2\/pages\/174\/revisions\/412"}],"wp:attachment":[{"href":"https:\/\/www.frederiqueneau.fr\/index.php\/wp-json\/wp\/v2\/media?parent=174"}],"curies":[{"name":"wp","href":"https:\/\/api.w.org\/{rel}","templated":true}]}}