{"id":179,"date":"2023-03-22T17:12:46","date_gmt":"2023-03-22T16:12:46","guid":{"rendered":"https:\/\/www.frederiqueneau.fr\/?page_id=179"},"modified":"2023-04-08T16:00:59","modified_gmt":"2023-04-08T14:00:59","slug":"temoignages","status":"publish","type":"page","link":"https:\/\/www.frederiqueneau.fr\/index.php\/temoignages\/","title":{"rendered":"Paroles de participant(e)s"},"content":{"rendered":"\n<p><strong>D\u00e9couvrez comment les s\u00e9ances de gymnastique holistique m\u00e9thode du Dr Ehrenfried ont agit sur la sant\u00e9 physique et mentale des participants ainsi que sur leur qualit\u00e9 de vie. Des t\u00e9moignages inspirants qui vous donneront, j\u2019en suis s\u00fbre, envie de nous rejoindre\u00a0!<\/strong><\/p>\n\n\n\n<h2 class=\"wp-block-heading\">En vid\u00e9o<\/h2>\n\n\n\n<figure class=\"wp-block-video\"><video height=\"1080\" style=\"aspect-ratio: 1920 \/ 1080;\" width=\"1920\" controls src=\"https:\/\/www.frederiqueneau.fr\/wp-content\/uploads\/2022\/05\/Interview-53558FCD-36A7-416A-A275-C4AEF4A83D16.mp4\"><\/video><figcaption class=\"wp-element-caption\">Parole de participante : ce qu&rsquo;elle dit de son ressenti apr\u00e8s une s\u00e9ance Gymnastique Holistique<\/figcaption><\/figure>\n\n\n\n<h2 class=\"wp-block-heading\">Avis laiss\u00e9s sur Google<\/h2>\n\n\n\n<p><strong>Jeanne B<\/strong>  : \u00ab\u00a0J&rsquo;ai beaucoup appr\u00e9ci\u00e9 ces exercices ludiques et si adapt\u00e9s \u00e0 chacun et chacune. J&rsquo;avais des douleurs \u00e0 la hanche droite, et apr\u00e8s quelques mouvements cette douleur a disparu. Je me sens beaucoup plus fluide et \u00e0 l&rsquo;\u00e9coute de mes sensations corporelles gr\u00e2ce \u00e0 ce cours. <\/p>\n\n\n\n<p>J&rsquo;appr\u00e9cie particuli\u00e8rement le fait que la professeure connaisse tr\u00e8s bien le corps, je sais que je suis en s\u00e9curit\u00e9. Ce cours donne de l&rsquo;\u00e9nergie et fait beaucoup de bien au corps.\u00a0\u00bb<\/p>\n\n\n\n<p><strong>Sylvie D<\/strong> ( non voyante) : \u00a0\u00bb Cela fait plus de 3 ans que je pratique la gym holistique avec Fr\u00e9d\u00e9rique de l&rsquo;R en Jeu aussi bien en participant aux cours en salle qu&rsquo;\u00e0 des cours \u00e0 distance.<\/p>\n\n\n\n<p>J&rsquo;appr\u00e9cie la disponibilit\u00e9 de Fr\u00e9d\u00e9rique, son \u00e9coute, la fa\u00e7on claire qu&rsquo;elle a de d\u00e9crire les mouvements. Quand je viens au cours, tout est tendu et elle arrive, avec ses explications toujours impeccables et ses exercices vari\u00e9s, \u00e0 faire en sorte que je reparte avec les \u00e9paules plus basses, les muscles plus d\u00e9tendus.<\/p>\n\n\n\n<p>Je suis parfaitement int\u00e9gr\u00e9e au groupe gr\u00e2ce \u00e0 Fr\u00e9d\u00e9rique et je la remercie pour tout ce qu&rsquo;elle fait pour ses stagiaires. Difficile de d\u00e9crire la m\u00e9thode utilis\u00e9e, le meilleur moyen de comprendre est de l&rsquo;essayer.\u00a0\u00bb<\/p>\n\n\n\n<p><strong>J\u00e9r\u00f4me : <\/strong>J\u2019ai test\u00e9 le cours de gymnastique holistique avec Fr\u00e9d\u00e9rique et j\u2019ai beaucoup aim\u00e9 prendre un moment pour moi afin d\u2019observer mon corps par le mouvement. J\u2019en suis ressorti d\u00e9tendu, \u00e9quilibr\u00e9 et plus ancr\u00e9.<\/p>\n","protected":false},"excerpt":{"rendered":"<p>D\u00e9couvrez comment les s\u00e9ances de gymnastique holistique m\u00e9thode du Dr Ehrenfried ont agit sur la sant\u00e9 physique et mentale des participants ainsi que sur leur qualit\u00e9 de vie.&hellip;<\/p>\n","protected":false},"author":1,"featured_media":0,"parent":0,"menu_order":0,"comment_status":"closed","ping_status":"closed","template":"","meta":{"footnotes":""},"class_list":["post-179","page","type-page","status-publish","has-post-thumbnail","hentry"],"_links":{"self":[{"href":"https:\/\/www.frederiqueneau.fr\/index.php\/wp-json\/wp\/v2\/pages\/179","targetHints":{"allow":["GET"]}}],"collection":[{"href":"https:\/\/www.frederiqueneau.fr\/index.php\/wp-json\/wp\/v2\/pages"}],"about":[{"href":"https:\/\/www.frederiqueneau.fr\/index.php\/wp-json\/wp\/v2\/types\/page"}],"author":[{"embeddable":true,"href":"https:\/\/www.frederiqueneau.fr\/index.php\/wp-json\/wp\/v2\/users\/1"}],"replies":[{"embeddable":true,"href":"https:\/\/www.frederiqueneau.fr\/index.php\/wp-json\/wp\/v2\/comments?post=179"}],"version-history":[{"count":5,"href":"https:\/\/www.frederiqueneau.fr\/index.php\/wp-json\/wp\/v2\/pages\/179\/revisions"}],"predecessor-version":[{"id":303,"href":"https:\/\/www.frederiqueneau.fr\/index.php\/wp-json\/wp\/v2\/pages\/179\/revisions\/303"}],"wp:attachment":[{"href":"https:\/\/www.frederiqueneau.fr\/index.php\/wp-json\/wp\/v2\/media?parent=179"}],"curies":[{"name":"wp","href":"https:\/\/api.w.org\/{rel}","templated":true}]}}