{"id":356,"date":"2024-04-30T16:09:19","date_gmt":"2024-04-30T14:09:19","guid":{"rendered":"https:\/\/www.frederiqueneau.fr\/?page_id=356"},"modified":"2024-09-21T18:49:44","modified_gmt":"2024-09-21T16:49:44","slug":"gymnastique-holistique-methode-du-dr-ehrenfried","status":"publish","type":"page","link":"https:\/\/www.frederiqueneau.fr\/index.php\/gymnastique-holistique-methode-du-dr-ehrenfried\/","title":{"rendered":"Gymnastique Holistique m\u00e9thode du Dr Ehrenfried\u00ae"},"content":{"rendered":"\n<p><\/p>\n\n\n\n<div class=\"wp-block-media-text alignwide has-media-on-the-right is-stacked-on-mobile is-vertically-aligned-top\" style=\"grid-template-columns:auto 59%\"><div class=\"wp-block-media-text__content\">\n<p><strong><strong>La gymnastique holistique du Dr Ehrenfried \u00ae<\/strong> est une m\u00e9thode  qui vise \u00e0 harmoniser le corps et l\u2019esprit.<\/strong><\/p>\n\n\n\n<p>La gymnastique holistique se concentre sur la posture, la respiration, la souplesse, la coordination et l\u2019\u00e9quilibre pour am\u00e9liorer la qualit\u00e9 de vie et la sant\u00e9 en g\u00e9n\u00e9ral.<\/p>\n\n\n\n<blockquote class=\"wp-block-quote is-layout-flow wp-block-quote-is-layout-flow\">\n<p><em>\u00ab Le corps humain semble poss\u00e9der une tendance ordonnatrice qui collabore \u00e0 remettre instantan\u00e9ment tout \u00e0 sa place d\u00e8s qu\u2019on lui en donne la possibilit\u00e9 \u00bb<\/em><\/p>\n\n\n\n<p class=\"has-text-align-right\">Dr Lily Ehrenfried<\/p>\n<\/blockquote>\n\n\n\n<p class=\"has-text-align-right\"><\/p>\n<\/div><figure class=\"wp-block-media-text__media\"><img loading=\"lazy\" decoding=\"async\" width=\"1024\" height=\"684\" src=\"https:\/\/www.frederiqueneau.fr\/wp-content\/uploads\/2024\/04\/GYMNASTIQUE-HOLISTIQUE-DEFINITION-1030x688-1-1024x684.jpg\" alt=\"\" class=\"wp-image-359 size-full\" srcset=\"https:\/\/www.frederiqueneau.fr\/wp-content\/uploads\/2024\/04\/GYMNASTIQUE-HOLISTIQUE-DEFINITION-1030x688-1-1024x684.jpg 1024w, https:\/\/www.frederiqueneau.fr\/wp-content\/uploads\/2024\/04\/GYMNASTIQUE-HOLISTIQUE-DEFINITION-1030x688-1-300x200.jpg 300w, https:\/\/www.frederiqueneau.fr\/wp-content\/uploads\/2024\/04\/GYMNASTIQUE-HOLISTIQUE-DEFINITION-1030x688-1-768x513.jpg 768w, https:\/\/www.frederiqueneau.fr\/wp-content\/uploads\/2024\/04\/GYMNASTIQUE-HOLISTIQUE-DEFINITION-1030x688-1-540x361.jpg 540w, https:\/\/www.frederiqueneau.fr\/wp-content\/uploads\/2024\/04\/GYMNASTIQUE-HOLISTIQUE-DEFINITION-1030x688-1.jpg 1030w\" sizes=\"auto, (max-width: 1024px) 100vw, 1024px\" \/><\/figure><\/div>\n\n\n\n<p><\/p>\n\n\n\n<p><strong>Une m\u00e9thode respectueuse et efficace<\/strong><\/p>\n\n\n\n<p>Les s\u00e9ances de gymnastique holistique sont bas\u00e9es sur des mouvements faits en conscience avec lenteur, combin\u00e9s \u00e0 des \u00e9tirements et \u00e0 des exercices de respiration, pour stimuler la circulation sanguine, soulager les tensions musculaires et am\u00e9liorer la posture.<\/p>\n\n\n\n<p>La m\u00e9thode est adapt\u00e9e \u00e0 tous les publics, y compris les femmes enceintes et les personnes ayant des probl\u00e8mes de sant\u00e9 chroniques. Les bienfaits de la gymnastique holistique sont nombreux :<\/p>\n\n\n\n<ul class=\"wp-block-list\">\n<li>une meilleure conscience corporelle,<\/li>\n\n\n\n<li>une diminution du stress,<\/li>\n\n\n\n<li>une am\u00e9lioration de la posture,<\/li>\n\n\n\n<li>de la mobilit\u00e9 et de la souplesse.<\/li>\n<\/ul>\n\n\n\n<p>Avec la gymnastique holistique vous vous reconnectez  \u00e0 votre corps, am\u00e9liorez votre sant\u00e9 physique et mentale, et renforcez votre bien-\u00eatre g\u00e9n\u00e9ral.<\/p>\n\n\n\n<p><strong>Dr Lily Ehrenfried (Berlin 1896 \u2013 Paris 1994)<\/strong><\/p>\n\n\n\n<p>M\u00e9decin et kin\u00e9sith\u00e9rapeute, elle s\u2019inspire de la formation re\u00e7ue d\u2019Elsa Gindler et des travaux d\u2019une lign\u00e9e de chercheurs et met au point sa m\u00e9thode visant \u00e0 retrouver \u00ab&nbsp;l\u2019\u00c9quilibre originel&nbsp;\u00bb source de Bien-\u00catre et de Sant\u00e9. Elle publie en 1956 son livre fondateur \u00ab&nbsp;De l\u2019\u00e9ducation du corps \u00e0 l\u2019\u00e9quilibre de l\u2019esprit&nbsp;\u00bb (r\u00e9\u00e9dit\u00e9 en 1997).<\/p>\n\n\n\n<figure class=\"wp-block-pullquote\"><blockquote><p><\/p><\/blockquote><\/figure>\n\n\n\n<blockquote class=\"wp-block-quote is-layout-flow wp-block-quote-is-layout-flow\">\n<p><\/p>\n<\/blockquote>\n","protected":false},"excerpt":{"rendered":"<p>Une m\u00e9thode respectueuse et efficace Les s\u00e9ances de gymnastique holistique sont bas\u00e9es sur des mouvements faits en conscience avec lenteur, combin\u00e9s \u00e0 des \u00e9tirements et \u00e0 des exercices&hellip;<\/p>\n","protected":false},"author":1,"featured_media":0,"parent":0,"menu_order":0,"comment_status":"closed","ping_status":"closed","template":"","meta":{"footnotes":""},"class_list":["post-356","page","type-page","status-publish","has-post-thumbnail","hentry"],"_links":{"self":[{"href":"https:\/\/www.frederiqueneau.fr\/index.php\/wp-json\/wp\/v2\/pages\/356","targetHints":{"allow":["GET"]}}],"collection":[{"href":"https:\/\/www.frederiqueneau.fr\/index.php\/wp-json\/wp\/v2\/pages"}],"about":[{"href":"https:\/\/www.frederiqueneau.fr\/index.php\/wp-json\/wp\/v2\/types\/page"}],"author":[{"embeddable":true,"href":"https:\/\/www.frederiqueneau.fr\/index.php\/wp-json\/wp\/v2\/users\/1"}],"replies":[{"embeddable":true,"href":"https:\/\/www.frederiqueneau.fr\/index.php\/wp-json\/wp\/v2\/comments?post=356"}],"version-history":[{"count":7,"href":"https:\/\/www.frederiqueneau.fr\/index.php\/wp-json\/wp\/v2\/pages\/356\/revisions"}],"predecessor-version":[{"id":417,"href":"https:\/\/www.frederiqueneau.fr\/index.php\/wp-json\/wp\/v2\/pages\/356\/revisions\/417"}],"wp:attachment":[{"href":"https:\/\/www.frederiqueneau.fr\/index.php\/wp-json\/wp\/v2\/media?parent=356"}],"curies":[{"name":"wp","href":"https:\/\/api.w.org\/{rel}","templated":true}]}}